{"id":669,"date":"2024-05-23T17:31:49","date_gmt":"2024-05-23T15:31:49","guid":{"rendered":"https:\/\/embutidosparma.com\/?page_id=669"},"modified":"2024-12-26T22:53:02","modified_gmt":"2024-12-26T21:53:02","slug":"blog","status":"publish","type":"page","link":"https:\/\/embutidosparma.com\/en\/blog\/","title":{"rendered":"Blog"},"content":{"rendered":"<div data-elementor-type=\"wp-page\" data-elementor-id=\"669\" class=\"elementor elementor-669\" data-elementor-post-type=\"page\">\n\t\t\t\t\t\t<section class=\"elementor-section elementor-top-section elementor-element elementor-element-463b011 elementor-section-boxed elementor-section-height-default elementor-section-height-default\" data-id=\"463b011\" data-element_type=\"section\" data-settings=\"{&quot;background_background&quot;:&quot;classic&quot;}\">\n\t\t\t\t\t\t\t<div class=\"elementor-background-overlay\"><\/div>\n\t\t\t\t\t\t\t<div class=\"elementor-container elementor-column-gap-default\">\n\t\t\t\t\t<div class=\"elementor-column elementor-col-100 elementor-top-column elementor-element elementor-element-02b6f34\" data-id=\"02b6f34\" data-element_type=\"column\">\n\t\t\t<div class=\"elementor-widget-wrap elementor-element-populated\">\n\t\t\t\t\t\t<section class=\"elementor-section elementor-inner-section elementor-element elementor-element-4936e01 elementor-section-boxed elementor-section-height-default elementor-section-height-default\" data-id=\"4936e01\" data-element_type=\"section\">\n\t\t\t\t\t\t<div class=\"elementor-container elementor-column-gap-default\">\n\t\t\t\t\t<div class=\"elementor-column elementor-col-100 elementor-inner-column elementor-element elementor-element-44f4621\" data-id=\"44f4621\" data-element_type=\"column\">\n\t\t\t<div class=\"elementor-widget-wrap elementor-element-populated\">\n\t\t\t\t\t\t<div class=\"elementor-element elementor-element-a0b3115 elementor-invisible elementor-widget elementor-widget-heading\" data-id=\"a0b3115\" data-element_type=\"widget\" data-settings=\"{&quot;_animation&quot;:&quot;fadeInUp&quot;}\" data-widget_type=\"heading.default\">\n\t\t\t\t<div class=\"elementor-widget-container\">\n\t\t\t\t\t<h1 class=\"elementor-heading-title elementor-size-default\">Blog<\/h1>\t\t\t\t<\/div>\n\t\t\t\t<\/div>\n\t\t\t\t<div class=\"elementor-element elementor-element-3838b1b elementor-widget__width-initial elementor-invisible elementor-widget elementor-widget-spacer\" data-id=\"3838b1b\" data-element_type=\"widget\" data-settings=\"{&quot;_animation&quot;:&quot;fadeInDown&quot;,&quot;_animation_delay&quot;:300}\" data-widget_type=\"spacer.default\">\n\t\t\t\t<div class=\"elementor-widget-container\">\n\t\t\t\t\t\t\t<div class=\"elementor-spacer\">\n\t\t\t<div class=\"elementor-spacer-inner\"><\/div>\n\t\t<\/div>\n\t\t\t\t\t\t<\/div>\n\t\t\t\t<\/div>\n\t\t\t\t\t<\/div>\n\t\t<\/div>\n\t\t\t\t\t<\/div>\n\t\t<\/section>\n\t\t\t\t\t<\/div>\n\t\t<\/div>\n\t\t\t\t\t<\/div>\n\t\t<\/section>\n\t\t\t\t<section class=\"elementor-section elementor-top-section elementor-element elementor-element-c6c92fb elementor-section-boxed elementor-section-height-default elementor-section-height-default\" data-id=\"c6c92fb\" data-element_type=\"section\">\n\t\t\t\t\t\t<div class=\"elementor-container elementor-column-gap-default\">\n\t\t\t\t\t<div class=\"elementor-column elementor-col-100 elementor-top-column elementor-element elementor-element-ac36fe4\" data-id=\"ac36fe4\" data-element_type=\"column\">\n\t\t\t<div class=\"elementor-widget-wrap elementor-element-populated\">\n\t\t\t\t\t\t<div class=\"elementor-element elementor-element-404c3af elementor-widget elementor-widget-heading\" data-id=\"404c3af\" data-element_type=\"widget\" data-widget_type=\"heading.default\">\n\t\t\t\t<div class=\"elementor-widget-container\">\n\t\t\t\t\t<h2 class=\"elementor-heading-title elementor-size-default\">Nuestro rinc\u00f3n de Gastronomia Asturiana<\/h2>\t\t\t\t<\/div>\n\t\t\t\t<\/div>\n\t\t\t\t<div class=\"elementor-element elementor-element-4f41ad5 elementor-widget elementor-widget-text-editor\" data-id=\"4f41ad5\" data-element_type=\"widget\" data-widget_type=\"text-editor.default\">\n\t\t\t\t<div class=\"elementor-widget-container\">\n\t\t\t\t\t\t\t\t\t<p>En el coraz\u00f3n de Asturias, Embutidos Parma combina tradici\u00f3n y pasi\u00f3n en cada uno de nuestros productos. Aqu\u00ed compartimos recetas, historias sobre nuestros procesos artesanales y consejos culinarios. Acomp\u00e1\u00f1anos y conoce m\u00e1s sobre nuestros embutidos y quesos asturianos.<\/p>\t\t\t\t\t\t\t\t<\/div>\n\t\t\t\t<\/div>\n\t\t\t\t<div class=\"elementor-element elementor-element-edbf855 elementor-grid-3 elementor-grid-tablet-2 elementor-grid-mobile-1 elementor-posts--thumbnail-top elementor-card-shadow-yes elementor-posts__hover-gradient elementor-widget elementor-widget-posts\" data-id=\"edbf855\" data-element_type=\"widget\" data-settings=\"{&quot;pagination_type&quot;:&quot;numbers&quot;,&quot;cards_columns&quot;:&quot;3&quot;,&quot;cards_columns_tablet&quot;:&quot;2&quot;,&quot;cards_columns_mobile&quot;:&quot;1&quot;,&quot;cards_row_gap&quot;:{&quot;unit&quot;:&quot;px&quot;,&quot;size&quot;:35,&quot;sizes&quot;:[]},&quot;cards_row_gap_tablet&quot;:{&quot;unit&quot;:&quot;px&quot;,&quot;size&quot;:&quot;&quot;,&quot;sizes&quot;:[]},&quot;cards_row_gap_mobile&quot;:{&quot;unit&quot;:&quot;px&quot;,&quot;size&quot;:&quot;&quot;,&quot;sizes&quot;:[]}}\" data-widget_type=\"posts.cards\">\n\t\t\t\t<div class=\"elementor-widget-container\">\n\t\t\t\t\t\t\t<div class=\"elementor-posts-container elementor-posts elementor-posts--skin-cards elementor-grid\" role=\"list\">\n\t\t\t\t<article class=\"elementor-post elementor-grid-item post-921 post type-post status-publish format-standard has-post-thumbnail hentry category-blog tag-borono tag-borono-asturiano tag-borono-asturiano-con-dulce-de-manzana tag-gastronomia-asturiana tag-recetas-con-borono\" role=\"listitem\">\n\t\t\t<div class=\"elementor-post__card\">\n\t\t\t\t<a class=\"elementor-post__thumbnail__link\" href=\"https:\/\/embutidosparma.com\/en\/borono-asturiano-con-dulce-de-manzana-una-tapa-perfecta\/\" tabindex=\"-1\" ><div class=\"elementor-post__thumbnail\"><img fetchpriority=\"high\" decoding=\"async\" width=\"274\" height=\"184\" src=\"https:\/\/embutidosparma.com\/wp-content\/uploads\/2025\/01\/images-1.jpg\" class=\"attachment-medium size-medium wp-image-922\" alt=\"Borono Asturiano con Dulce de Manzana\" srcset=\"https:\/\/embutidosparma.com\/wp-content\/uploads\/2025\/01\/images-1.jpg 274w, https:\/\/embutidosparma.com\/wp-content\/uploads\/2025\/01\/images-1-18x12.jpg 18w\" sizes=\"(max-width: 274px) 100vw, 274px\" \/><\/div><\/a>\n\t\t\t\t<div class=\"elementor-post__text\">\n\t\t\t\t<h3 class=\"elementor-post__title\">\n\t\t\t<a href=\"https:\/\/embutidosparma.com\/en\/borono-asturiano-con-dulce-de-manzana-una-tapa-perfecta\/\" >\n\t\t\t\tBorono Asturiano con Dulce de Manzana: Una Tapa Perfecta\t\t\t<\/a>\n\t\t<\/h3>\n\t\t\t\t<div class=\"elementor-post__excerpt\">\n\t\t\t<p>El borono asturiano, un embutido tradicional elaborado con sangre de cerdo, harina de ma\u00edz y especias, es una delicia t\u00edpica de la gastronom\u00eda asturiana que<\/p>\n\t\t<\/div>\n\t\t\n\t\t<a class=\"elementor-post__read-more\" href=\"https:\/\/embutidosparma.com\/en\/borono-asturiano-con-dulce-de-manzana-una-tapa-perfecta\/\" aria-label=\"Read more about Borono Asturiano con Dulce de Manzana: Una Tapa Perfecta\" tabindex=\"-1\" >\n\t\t\tLeer m\u00e1s \u00bb\t\t<\/a>\n\n\t\t\t\t<\/div>\n\t\t\t\t<div class=\"elementor-post__meta-data\">\n\t\t\t\t\t<span class=\"elementor-post-date\">\n\t\t\t21 de February de 2025\t\t<\/span>\n\t\t\t\t<span class=\"elementor-post-avatar\">\n\t\t\tNo Comments\t\t<\/span>\n\t\t\t\t<\/div>\n\t\t\t\t\t<\/div>\n\t\t<\/article>\n\t\t\t\t<article class=\"elementor-post elementor-grid-item post-918 post type-post status-publish format-standard has-post-thumbnail hentry category-blog tag-chorizo-asturiano tag-chorizo-lomo tag-chorizo-lomo-es-100-natural tag-chorizo-lomo-natural tag-embutidos-parma\" role=\"listitem\">\n\t\t\t<div class=\"elementor-post__card\">\n\t\t\t\t<a class=\"elementor-post__thumbnail__link\" href=\"https:\/\/embutidosparma.com\/en\/chorizo-lomo-tradicion-y-sabor-artesanal\/\" tabindex=\"-1\" ><div class=\"elementor-post__thumbnail\"><img decoding=\"async\" width=\"300\" height=\"300\" src=\"https:\/\/embutidosparma.com\/wp-content\/uploads\/2025\/01\/vczkFMe2o3FZkdLYP_DdEKMvdfQy-2603_2_-300x300.jpg\" class=\"attachment-medium size-medium wp-image-919\" alt=\"Chorizo Lomo\" srcset=\"https:\/\/embutidosparma.com\/wp-content\/uploads\/2025\/01\/vczkFMe2o3FZkdLYP_DdEKMvdfQy-2603_2_-300x300.jpg 300w, https:\/\/embutidosparma.com\/wp-content\/uploads\/2025\/01\/vczkFMe2o3FZkdLYP_DdEKMvdfQy-2603_2_-150x150.jpg 150w, https:\/\/embutidosparma.com\/wp-content\/uploads\/2025\/01\/vczkFMe2o3FZkdLYP_DdEKMvdfQy-2603_2_-768x768.jpg 768w, https:\/\/embutidosparma.com\/wp-content\/uploads\/2025\/01\/vczkFMe2o3FZkdLYP_DdEKMvdfQy-2603_2_-12x12.jpg 12w, https:\/\/embutidosparma.com\/wp-content\/uploads\/2025\/01\/vczkFMe2o3FZkdLYP_DdEKMvdfQy-2603_2_-600x600.jpg 600w, https:\/\/embutidosparma.com\/wp-content\/uploads\/2025\/01\/vczkFMe2o3FZkdLYP_DdEKMvdfQy-2603_2_-100x100.jpg 100w, https:\/\/embutidosparma.com\/wp-content\/uploads\/2025\/01\/vczkFMe2o3FZkdLYP_DdEKMvdfQy-2603_2_.jpg 900w\" sizes=\"(max-width: 300px) 100vw, 300px\" \/><\/div><\/a>\n\t\t\t\t<div class=\"elementor-post__text\">\n\t\t\t\t<h3 class=\"elementor-post__title\">\n\t\t\t<a href=\"https:\/\/embutidosparma.com\/en\/chorizo-lomo-tradicion-y-sabor-artesanal\/\" >\n\t\t\t\tChorizo Lomo: Tradici\u00f3n y Sabor Artesanal\t\t\t<\/a>\n\t\t<\/h3>\n\t\t\t\t<div class=\"elementor-post__excerpt\">\n\t\t\t<p>El chorizo lomo es una aut\u00e9ntica joya de la gastronom\u00eda asturiana, elaborado siguiendo t\u00e9cnicas artesanales que han pasado de generaci\u00f3n en generaci\u00f3n. Este embutido combina<\/p>\n\t\t<\/div>\n\t\t\n\t\t<a class=\"elementor-post__read-more\" href=\"https:\/\/embutidosparma.com\/en\/chorizo-lomo-tradicion-y-sabor-artesanal\/\" aria-label=\"Read more about Chorizo Lomo: Tradici\u00f3n y Sabor Artesanal\" tabindex=\"-1\" >\n\t\t\tLeer m\u00e1s \u00bb\t\t<\/a>\n\n\t\t\t\t<\/div>\n\t\t\t\t<div class=\"elementor-post__meta-data\">\n\t\t\t\t\t<span class=\"elementor-post-date\">\n\t\t\t15 de February de 2025\t\t<\/span>\n\t\t\t\t<span class=\"elementor-post-avatar\">\n\t\t\tNo Comments\t\t<\/span>\n\t\t\t\t<\/div>\n\t\t\t\t\t<\/div>\n\t\t<\/article>\n\t\t\t\t<article class=\"elementor-post elementor-grid-item post-914 post type-post status-publish format-standard has-post-thumbnail hentry category-blog tag-gastronomia-asturiana tag-queso-3-leches-de-pria tag-queso-azul-de-pria tag-quezo-azul\" role=\"listitem\">\n\t\t\t<div class=\"elementor-post__card\">\n\t\t\t\t<a class=\"elementor-post__thumbnail__link\" href=\"https:\/\/embutidosparma.com\/en\/queso-tres-leches-azul-de-pria-un-tesoro-asturiano-para-los-amantes-del-queso\/\" tabindex=\"-1\" ><div class=\"elementor-post__thumbnail\"><img decoding=\"async\" width=\"300\" height=\"300\" src=\"https:\/\/embutidosparma.com\/wp-content\/uploads\/2025\/01\/queso-de-pria-de-3-leches-cuna-de-350-grs-300x300.png\" class=\"attachment-medium size-medium wp-image-915\" alt=\"Queso Azul de Pria\" srcset=\"https:\/\/embutidosparma.com\/wp-content\/uploads\/2025\/01\/queso-de-pria-de-3-leches-cuna-de-350-grs-300x300.png 300w, https:\/\/embutidosparma.com\/wp-content\/uploads\/2025\/01\/queso-de-pria-de-3-leches-cuna-de-350-grs-150x150.png 150w, https:\/\/embutidosparma.com\/wp-content\/uploads\/2025\/01\/queso-de-pria-de-3-leches-cuna-de-350-grs-768x768.png 768w, https:\/\/embutidosparma.com\/wp-content\/uploads\/2025\/01\/queso-de-pria-de-3-leches-cuna-de-350-grs-12x12.png 12w, https:\/\/embutidosparma.com\/wp-content\/uploads\/2025\/01\/queso-de-pria-de-3-leches-cuna-de-350-grs-600x600.png 600w, https:\/\/embutidosparma.com\/wp-content\/uploads\/2025\/01\/queso-de-pria-de-3-leches-cuna-de-350-grs-100x100.png 100w, https:\/\/embutidosparma.com\/wp-content\/uploads\/2025\/01\/queso-de-pria-de-3-leches-cuna-de-350-grs.png 800w\" sizes=\"(max-width: 300px) 100vw, 300px\" \/><\/div><\/a>\n\t\t\t\t<div class=\"elementor-post__text\">\n\t\t\t\t<h3 class=\"elementor-post__title\">\n\t\t\t<a href=\"https:\/\/embutidosparma.com\/en\/queso-tres-leches-azul-de-pria-un-tesoro-asturiano-para-los-amantes-del-queso\/\" >\n\t\t\t\tQueso Tres leches Azul de Pria: Un Tesoro Asturiano para los Amantes del Queso\t\t\t<\/a>\n\t\t<\/h3>\n\t\t\t\t<div class=\"elementor-post__excerpt\">\n\t\t\t<p>El queso tres leches azul de Pria es uno de los tesoros m\u00e1s destacados de la rica tradici\u00f3n quesera asturiana. Con su sabor intenso y<\/p>\n\t\t<\/div>\n\t\t\n\t\t<a class=\"elementor-post__read-more\" href=\"https:\/\/embutidosparma.com\/en\/queso-tres-leches-azul-de-pria-un-tesoro-asturiano-para-los-amantes-del-queso\/\" aria-label=\"Read more about Queso Tres leches Azul de Pria: Un Tesoro Asturiano para los Amantes del Queso\" tabindex=\"-1\" >\n\t\t\tLeer m\u00e1s \u00bb\t\t<\/a>\n\n\t\t\t\t<\/div>\n\t\t\t\t<div class=\"elementor-post__meta-data\">\n\t\t\t\t\t<span class=\"elementor-post-date\">\n\t\t\t1 de February de 2025\t\t<\/span>\n\t\t\t\t<span class=\"elementor-post-avatar\">\n\t\t\tNo Comments\t\t<\/span>\n\t\t\t\t<\/div>\n\t\t\t\t\t<\/div>\n\t\t<\/article>\n\t\t\t\t<article class=\"elementor-post elementor-grid-item post-910 post type-post status-publish format-standard has-post-thumbnail hentry category-blog tag-fabada-asturiana tag-gastronomia-asturiana tag-morcilla-asturiana tag-recetas-con-chorizo\" role=\"listitem\">\n\t\t\t<div class=\"elementor-post__card\">\n\t\t\t\t<a class=\"elementor-post__thumbnail__link\" href=\"https:\/\/embutidosparma.com\/en\/morcilla-asturiana-tradicion-en-cada-bocado\/\" tabindex=\"-1\" ><div class=\"elementor-post__thumbnail\"><img loading=\"lazy\" decoding=\"async\" width=\"300\" height=\"187\" src=\"https:\/\/embutidosparma.com\/wp-content\/uploads\/2025\/01\/morcilla-300x187.jpg\" class=\"attachment-medium size-medium wp-image-911\" alt=\"morcilla asturiana\" srcset=\"https:\/\/embutidosparma.com\/wp-content\/uploads\/2025\/01\/morcilla-300x187.jpg 300w, https:\/\/embutidosparma.com\/wp-content\/uploads\/2025\/01\/morcilla-768x478.jpg 768w, https:\/\/embutidosparma.com\/wp-content\/uploads\/2025\/01\/morcilla-18x12.jpg 18w, https:\/\/embutidosparma.com\/wp-content\/uploads\/2025\/01\/morcilla-600x374.jpg 600w, https:\/\/embutidosparma.com\/wp-content\/uploads\/2025\/01\/morcilla.jpg 1004w\" sizes=\"(max-width: 300px) 100vw, 300px\" \/><\/div><\/a>\n\t\t\t\t<div class=\"elementor-post__text\">\n\t\t\t\t<h3 class=\"elementor-post__title\">\n\t\t\t<a href=\"https:\/\/embutidosparma.com\/en\/morcilla-asturiana-tradicion-en-cada-bocado\/\" >\n\t\t\t\tMorcilla Asturiana: Tradici\u00f3n en Cada Bocado\t\t\t<\/a>\n\t\t<\/h3>\n\t\t\t\t<div class=\"elementor-post__excerpt\">\n\t\t\t<p>La morcilla asturiana es un emblema de la gastronom\u00eda tradicional del norte de Espa\u00f1a. Este embutido no solo es uno de los ingredientes principales de<\/p>\n\t\t<\/div>\n\t\t\n\t\t<a class=\"elementor-post__read-more\" href=\"https:\/\/embutidosparma.com\/en\/morcilla-asturiana-tradicion-en-cada-bocado\/\" aria-label=\"Read more about Morcilla Asturiana: Tradici\u00f3n en Cada Bocado\" tabindex=\"-1\" >\n\t\t\tLeer m\u00e1s \u00bb\t\t<\/a>\n\n\t\t\t\t<\/div>\n\t\t\t\t<div class=\"elementor-post__meta-data\">\n\t\t\t\t\t<span class=\"elementor-post-date\">\n\t\t\t29 de January de 2025\t\t<\/span>\n\t\t\t\t<span class=\"elementor-post-avatar\">\n\t\t\tNo Comments\t\t<\/span>\n\t\t\t\t<\/div>\n\t\t\t\t\t<\/div>\n\t\t<\/article>\n\t\t\t\t<article class=\"elementor-post elementor-grid-item post-898 post type-post status-publish format-standard has-post-thumbnail hentry category-blog\" role=\"listitem\">\n\t\t\t<div class=\"elementor-post__card\">\n\t\t\t\t<a class=\"elementor-post__thumbnail__link\" href=\"https:\/\/embutidosparma.com\/en\/chorizo-picante-asturiano-un-toque-de-fuego-en-tu-cocina\/\" tabindex=\"-1\" ><div class=\"elementor-post__thumbnail\"><img loading=\"lazy\" decoding=\"async\" width=\"300\" height=\"300\" src=\"https:\/\/embutidosparma.com\/wp-content\/uploads\/2024\/11\/A1lHS1DAUL._AC_UF10001000_QL80_-300x300.jpg\" class=\"attachment-medium size-medium wp-image-899\" alt=\"chorizo picante\" srcset=\"https:\/\/embutidosparma.com\/wp-content\/uploads\/2024\/11\/A1lHS1DAUL._AC_UF10001000_QL80_-300x300.jpg 300w, https:\/\/embutidosparma.com\/wp-content\/uploads\/2024\/11\/A1lHS1DAUL._AC_UF10001000_QL80_-150x150.jpg 150w, https:\/\/embutidosparma.com\/wp-content\/uploads\/2024\/11\/A1lHS1DAUL._AC_UF10001000_QL80_-768x768.jpg 768w, https:\/\/embutidosparma.com\/wp-content\/uploads\/2024\/11\/A1lHS1DAUL._AC_UF10001000_QL80_-12x12.jpg 12w, https:\/\/embutidosparma.com\/wp-content\/uploads\/2024\/11\/A1lHS1DAUL._AC_UF10001000_QL80_-600x600.jpg 600w, https:\/\/embutidosparma.com\/wp-content\/uploads\/2024\/11\/A1lHS1DAUL._AC_UF10001000_QL80_-100x100.jpg 100w, https:\/\/embutidosparma.com\/wp-content\/uploads\/2024\/11\/A1lHS1DAUL._AC_UF10001000_QL80_.jpg 1000w\" sizes=\"(max-width: 300px) 100vw, 300px\" \/><\/div><\/a>\n\t\t\t\t<div class=\"elementor-post__text\">\n\t\t\t\t<h3 class=\"elementor-post__title\">\n\t\t\t<a href=\"https:\/\/embutidosparma.com\/en\/chorizo-picante-asturiano-un-toque-de-fuego-en-tu-cocina\/\" >\n\t\t\t\tChorizo Picante Asturiano: Un Toque de Fuego en tu Cocina\t\t\t<\/a>\n\t\t<\/h3>\n\t\t\t\t<div class=\"elementor-post__excerpt\">\n\t\t\t<p>El chorizo picante es mucho m\u00e1s que un embutido: es un ingrediente que aporta personalidad y un toque de fuego a cualquier receta. En Embutidos<\/p>\n\t\t<\/div>\n\t\t\n\t\t<a class=\"elementor-post__read-more\" href=\"https:\/\/embutidosparma.com\/en\/chorizo-picante-asturiano-un-toque-de-fuego-en-tu-cocina\/\" aria-label=\"Read more about Chorizo Picante Asturiano: Un Toque de Fuego en tu Cocina\" tabindex=\"-1\" >\n\t\t\tLeer m\u00e1s \u00bb\t\t<\/a>\n\n\t\t\t\t<\/div>\n\t\t\t\t<div class=\"elementor-post__meta-data\">\n\t\t\t\t\t<span class=\"elementor-post-date\">\n\t\t\t15 de December de 2024\t\t<\/span>\n\t\t\t\t<span class=\"elementor-post-avatar\">\n\t\t\tNo Comments\t\t<\/span>\n\t\t\t\t<\/div>\n\t\t\t\t\t<\/div>\n\t\t<\/article>\n\t\t\t\t<article class=\"elementor-post elementor-grid-item post-895 post type-post status-publish format-standard has-post-thumbnail hentry category-blog tag-callos-asturianos tag-platos-tradicionales-asturianos tag-recetas-de-callos\" role=\"listitem\">\n\t\t\t<div class=\"elementor-post__card\">\n\t\t\t\t<a class=\"elementor-post__thumbnail__link\" href=\"https:\/\/embutidosparma.com\/en\/callos-asturianos-una-receta-llena-de-tradicion\/\" tabindex=\"-1\" ><div class=\"elementor-post__thumbnail\"><img loading=\"lazy\" decoding=\"async\" width=\"300\" height=\"185\" src=\"https:\/\/embutidosparma.com\/wp-content\/uploads\/2024\/11\/1366_2000-300x185.jpg\" class=\"attachment-medium size-medium wp-image-896\" alt=\"\" srcset=\"https:\/\/embutidosparma.com\/wp-content\/uploads\/2024\/11\/1366_2000-300x185.jpg 300w, https:\/\/embutidosparma.com\/wp-content\/uploads\/2024\/11\/1366_2000-1024x633.jpg 1024w, https:\/\/embutidosparma.com\/wp-content\/uploads\/2024\/11\/1366_2000-768x475.jpg 768w, https:\/\/embutidosparma.com\/wp-content\/uploads\/2024\/11\/1366_2000-18x12.jpg 18w, https:\/\/embutidosparma.com\/wp-content\/uploads\/2024\/11\/1366_2000-1320x816.jpg 1320w, https:\/\/embutidosparma.com\/wp-content\/uploads\/2024\/11\/1366_2000-600x371.jpg 600w, https:\/\/embutidosparma.com\/wp-content\/uploads\/2024\/11\/1366_2000.jpg 1366w\" sizes=\"(max-width: 300px) 100vw, 300px\" \/><\/div><\/a>\n\t\t\t\t<div class=\"elementor-post__text\">\n\t\t\t\t<h3 class=\"elementor-post__title\">\n\t\t\t<a href=\"https:\/\/embutidosparma.com\/en\/callos-asturianos-una-receta-llena-de-tradicion\/\" >\n\t\t\t\tCallos Asturianos: Una Receta llena de Tradici\u00f3n\t\t\t<\/a>\n\t\t<\/h3>\n\t\t\t\t<div class=\"elementor-post__excerpt\">\n\t\t\t<p>Los callos asturianos son uno de los platos m\u00e1s emblem\u00e1ticos de la gastronom\u00eda asturiana. Este guiso, cargado de tradici\u00f3n y sabor, es perfecto para disfrutar<\/p>\n\t\t<\/div>\n\t\t\n\t\t<a class=\"elementor-post__read-more\" href=\"https:\/\/embutidosparma.com\/en\/callos-asturianos-una-receta-llena-de-tradicion\/\" aria-label=\"Read more about Callos Asturianos: Una Receta llena de Tradici\u00f3n\" tabindex=\"-1\" >\n\t\t\tLeer m\u00e1s \u00bb\t\t<\/a>\n\n\t\t\t\t<\/div>\n\t\t\t\t<div class=\"elementor-post__meta-data\">\n\t\t\t\t\t<span class=\"elementor-post-date\">\n\t\t\t12 de December de 2024\t\t<\/span>\n\t\t\t\t<span class=\"elementor-post-avatar\">\n\t\t\tNo Comments\t\t<\/span>\n\t\t\t\t<\/div>\n\t\t\t\t\t<\/div>\n\t\t<\/article>\n\t\t\t\t<\/div>\n\t\t\n\t\t\t\t<div class=\"e-load-more-anchor\" data-page=\"1\" data-max-page=\"3\" data-next-page=\"https:\/\/embutidosparma.com\/en\/wp-json\/wp\/v2\/pages\/669\/page\/2\/\"><\/div>\n\t\t\t\t<nav class=\"elementor-pagination\" aria-label=\"Pagination\">\n\t\t\t<span aria-current=\"page\" class=\"page-numbers current\"><span class=\"elementor-screen-only\">Page<\/span>1<\/span>\n<a class=\"page-numbers\" href=\"https:\/\/embutidosparma.com\/en\/wp-json\/wp\/v2\/pages\/669\/page\/2\/\"><span class=\"elementor-screen-only\">Page<\/span>2<\/a>\n<a class=\"page-numbers\" href=\"https:\/\/embutidosparma.com\/en\/wp-json\/wp\/v2\/pages\/669\/page\/3\/\"><span class=\"elementor-screen-only\">Page<\/span>3<\/a>\t\t<\/nav>\n\t\t\t\t\t\t<\/div>\n\t\t\t\t<\/div>\n\t\t\t\t\t<\/div>\n\t\t<\/div>\n\t\t\t\t\t<\/div>\n\t\t<\/section>\n\t\t\t\t<\/div>","protected":false},"excerpt":{"rendered":"<p>Nuestro rinc\u00f3n de Gastronomia Asturiana En el coraz\u00f3n de Asturias, Embutidos Parma combina tradici\u00f3n y pasi\u00f3n en cada uno de nuestros productos. Aqu\u00ed compartimos recetas, historias sobre nuestros procesos artesanales y consejos culinarios. Acomp\u00e1\u00f1anos y conoce m\u00e1s sobre nuestros embutidos y quesos asturianos.<\/p>","protected":false},"author":2,"featured_media":0,"parent":0,"menu_order":0,"comment_status":"closed","ping_status":"closed","template":"elementor_header_footer","meta":{"_acf_changed":false,"footnotes":""},"class_list":["post-669","page","type-page","status-publish","hentry"],"acf":[],"yoast_head":"<!-- This site is optimized with the Yoast SEO plugin v26.8 - https:\/\/yoast.com\/product\/yoast-seo-wordpress\/ -->\n<title>Blog - Embutidos Parma<\/title>\n<meta name=\"robots\" content=\"index, follow, max-snippet:-1, max-image-preview:large, max-video-preview:-1\" \/>\n<link rel=\"canonical\" href=\"https:\/\/embutidosparma.com\/en\/blog\/\" \/>\n<meta property=\"og:locale\" content=\"en_US\" \/>\n<meta property=\"og:type\" content=\"article\" \/>\n<meta property=\"og:title\" content=\"Blog - Embutidos Parma\" \/>\n<meta property=\"og:description\" content=\"Nuestro rinc\u00f3n de Gastronomia Asturiana En el coraz\u00f3n de Asturias, Embutidos Parma combina tradici\u00f3n y pasi\u00f3n en cada uno de nuestros productos. Aqu\u00ed compartimos recetas, historias sobre nuestros procesos artesanales y consejos culinarios. Acomp\u00e1\u00f1anos y conoce m\u00e1s sobre nuestros embutidos y quesos asturianos.\" \/>\n<meta property=\"og:url\" content=\"https:\/\/embutidosparma.com\/en\/blog\/\" \/>\n<meta property=\"og:site_name\" content=\"Embutidos Parma\" \/>\n<meta property=\"article:modified_time\" content=\"2024-12-26T21:53:02+00:00\" \/>\n<meta name=\"twitter:card\" content=\"summary_large_image\" \/>\n<meta name=\"twitter:label1\" content=\"Est. reading time\" \/>\n\t<meta name=\"twitter:data1\" content=\"5 minutes\" \/>\n<script type=\"application\/ld+json\" class=\"yoast-schema-graph\">{\"@context\":\"https:\/\/schema.org\",\"@graph\":[{\"@type\":\"WebPage\",\"@id\":\"https:\/\/embutidosparma.com\/blog\/\",\"url\":\"https:\/\/embutidosparma.com\/blog\/\",\"name\":\"Blog - Embutidos Parma\",\"isPartOf\":{\"@id\":\"https:\/\/embutidosparma.com\/#website\"},\"datePublished\":\"2024-05-23T15:31:49+00:00\",\"dateModified\":\"2024-12-26T21:53:02+00:00\",\"breadcrumb\":{\"@id\":\"https:\/\/embutidosparma.com\/blog\/#breadcrumb\"},\"inLanguage\":\"en-US\",\"potentialAction\":[{\"@type\":\"ReadAction\",\"target\":[\"https:\/\/embutidosparma.com\/blog\/\"]}]},{\"@type\":\"BreadcrumbList\",\"@id\":\"https:\/\/embutidosparma.com\/blog\/#breadcrumb\",\"itemListElement\":[{\"@type\":\"ListItem\",\"position\":1,\"name\":\"Portada\",\"item\":\"https:\/\/embutidosparma.com\/\"},{\"@type\":\"ListItem\",\"position\":2,\"name\":\"Blog\"}]},{\"@type\":\"WebSite\",\"@id\":\"https:\/\/embutidosparma.com\/#website\",\"url\":\"https:\/\/embutidosparma.com\/\",\"name\":\"Embutidos Parma\",\"description\":\"\",\"publisher\":{\"@id\":\"https:\/\/embutidosparma.com\/#organization\"},\"potentialAction\":[{\"@type\":\"SearchAction\",\"target\":{\"@type\":\"EntryPoint\",\"urlTemplate\":\"https:\/\/embutidosparma.com\/?s={search_term_string}\"},\"query-input\":{\"@type\":\"PropertyValueSpecification\",\"valueRequired\":true,\"valueName\":\"search_term_string\"}}],\"inLanguage\":\"en-US\"},{\"@type\":\"Organization\",\"@id\":\"https:\/\/embutidosparma.com\/#organization\",\"name\":\"Embutidos Parma\",\"url\":\"https:\/\/embutidosparma.com\/\",\"logo\":{\"@type\":\"ImageObject\",\"inLanguage\":\"en-US\",\"@id\":\"https:\/\/embutidosparma.com\/#\/schema\/logo\/image\/\",\"url\":\"https:\/\/embutidosparma.com\/wp-content\/uploads\/2024\/01\/2.png\",\"contentUrl\":\"https:\/\/embutidosparma.com\/wp-content\/uploads\/2024\/01\/2.png\",\"width\":500,\"height\":500,\"caption\":\"Embutidos Parma\"},\"image\":{\"@id\":\"https:\/\/embutidosparma.com\/#\/schema\/logo\/image\/\"}}]}<\/script>\n<!-- \/ Yoast SEO plugin. -->","yoast_head_json":{"title":"Blog - Embutidos Parma","robots":{"index":"index","follow":"follow","max-snippet":"max-snippet:-1","max-image-preview":"max-image-preview:large","max-video-preview":"max-video-preview:-1"},"canonical":"https:\/\/embutidosparma.com\/en\/blog\/","og_locale":"en_US","og_type":"article","og_title":"Blog - Embutidos Parma","og_description":"Nuestro rinc\u00f3n de Gastronomia Asturiana En el coraz\u00f3n de Asturias, Embutidos Parma combina tradici\u00f3n y pasi\u00f3n en cada uno de nuestros productos. Aqu\u00ed compartimos recetas, historias sobre nuestros procesos artesanales y consejos culinarios. Acomp\u00e1\u00f1anos y conoce m\u00e1s sobre nuestros embutidos y quesos asturianos.","og_url":"https:\/\/embutidosparma.com\/en\/blog\/","og_site_name":"Embutidos Parma","article_modified_time":"2024-12-26T21:53:02+00:00","twitter_card":"summary_large_image","twitter_misc":{"Est. reading time":"5 minutes"},"schema":{"@context":"https:\/\/schema.org","@graph":[{"@type":"WebPage","@id":"https:\/\/embutidosparma.com\/blog\/","url":"https:\/\/embutidosparma.com\/blog\/","name":"Blog - Embutidos Parma","isPartOf":{"@id":"https:\/\/embutidosparma.com\/#website"},"datePublished":"2024-05-23T15:31:49+00:00","dateModified":"2024-12-26T21:53:02+00:00","breadcrumb":{"@id":"https:\/\/embutidosparma.com\/blog\/#breadcrumb"},"inLanguage":"en-US","potentialAction":[{"@type":"ReadAction","target":["https:\/\/embutidosparma.com\/blog\/"]}]},{"@type":"BreadcrumbList","@id":"https:\/\/embutidosparma.com\/blog\/#breadcrumb","itemListElement":[{"@type":"ListItem","position":1,"name":"Portada","item":"https:\/\/embutidosparma.com\/"},{"@type":"ListItem","position":2,"name":"Blog"}]},{"@type":"WebSite","@id":"https:\/\/embutidosparma.com\/#website","url":"https:\/\/embutidosparma.com\/","name":"Embutidos Parma","description":"","publisher":{"@id":"https:\/\/embutidosparma.com\/#organization"},"potentialAction":[{"@type":"SearchAction","target":{"@type":"EntryPoint","urlTemplate":"https:\/\/embutidosparma.com\/?s={search_term_string}"},"query-input":{"@type":"PropertyValueSpecification","valueRequired":true,"valueName":"search_term_string"}}],"inLanguage":"en-US"},{"@type":"Organization","@id":"https:\/\/embutidosparma.com\/#organization","name":"Embutidos Parma","url":"https:\/\/embutidosparma.com\/","logo":{"@type":"ImageObject","inLanguage":"en-US","@id":"https:\/\/embutidosparma.com\/#\/schema\/logo\/image\/","url":"https:\/\/embutidosparma.com\/wp-content\/uploads\/2024\/01\/2.png","contentUrl":"https:\/\/embutidosparma.com\/wp-content\/uploads\/2024\/01\/2.png","width":500,"height":500,"caption":"Embutidos Parma"},"image":{"@id":"https:\/\/embutidosparma.com\/#\/schema\/logo\/image\/"}}]}},"_links":{"self":[{"href":"https:\/\/embutidosparma.com\/en\/wp-json\/wp\/v2\/pages\/669","targetHints":{"allow":["GET"]}}],"collection":[{"href":"https:\/\/embutidosparma.com\/en\/wp-json\/wp\/v2\/pages"}],"about":[{"href":"https:\/\/embutidosparma.com\/en\/wp-json\/wp\/v2\/types\/page"}],"author":[{"embeddable":true,"href":"https:\/\/embutidosparma.com\/en\/wp-json\/wp\/v2\/users\/2"}],"replies":[{"embeddable":true,"href":"https:\/\/embutidosparma.com\/en\/wp-json\/wp\/v2\/comments?post=669"}],"version-history":[{"count":13,"href":"https:\/\/embutidosparma.com\/en\/wp-json\/wp\/v2\/pages\/669\/revisions"}],"predecessor-version":[{"id":907,"href":"https:\/\/embutidosparma.com\/en\/wp-json\/wp\/v2\/pages\/669\/revisions\/907"}],"wp:attachment":[{"href":"https:\/\/embutidosparma.com\/en\/wp-json\/wp\/v2\/media?parent=669"}],"curies":[{"name":"wp","href":"https:\/\/api.w.org\/{rel}","templated":true}]}}